{"id":1639,"date":"2024-08-30T12:27:25","date_gmt":"2024-08-30T12:27:25","guid":{"rendered":"https:\/\/fev.org.ar\/02\/?page_id=1639"},"modified":"2025-04-02T20:03:37","modified_gmt":"2025-04-02T20:03:37","slug":"talleres-para-escuelas","status":"publish","type":"page","link":"https:\/\/fev.org.ar\/02\/talleres-para-escuelas\/","title":{"rendered":"TALLERES PARA ESCUELAS"},"content":{"rendered":"\t\t<div data-elementor-type=\"wp-page\" data-elementor-id=\"1639\" class=\"elementor elementor-1639\" data-elementor-post-type=\"page\">\n\t\t\t\t\t\t<section class=\"elementor-section elementor-top-section elementor-element elementor-element-1524717 elementor-section-boxed elementor-section-height-default elementor-section-height-default\" data-id=\"1524717\" data-element_type=\"section\" data-e-type=\"section\">\n\t\t\t\t\t\t<div class=\"elementor-container elementor-column-gap-default\">\n\t\t\t\t\t<div class=\"elementor-column elementor-col-100 elementor-top-column elementor-element elementor-element-7e9bbea\" data-id=\"7e9bbea\" data-element_type=\"column\" data-e-type=\"column\">\n\t\t\t<div class=\"elementor-widget-wrap elementor-element-populated\">\n\t\t\t\t\t\t<div class=\"elementor-element elementor-element-435cfdb elementor-widget elementor-widget-spacer\" data-id=\"435cfdb\" data-element_type=\"widget\" data-e-type=\"widget\" data-widget_type=\"spacer.default\">\n\t\t\t\t<div class=\"elementor-widget-container\">\n\t\t\t\t\t\t\t<div class=\"elementor-spacer\">\n\t\t\t<div class=\"elementor-spacer-inner\"><\/div>\n\t\t<\/div>\n\t\t\t\t\t\t<\/div>\n\t\t\t\t<\/div>\n\t\t\t\t<div class=\"elementor-element elementor-element-914b16e elementor-widget elementor-widget-heading\" data-id=\"914b16e\" data-element_type=\"widget\" data-e-type=\"widget\" data-widget_type=\"heading.default\">\n\t\t\t\t<div class=\"elementor-widget-container\">\n\t\t\t\t\t<span class=\"elementor-heading-title elementor-size-default\">Talleres para escuelas<\/span>\t\t\t\t<\/div>\n\t\t\t\t<\/div>\n\t\t\t\t<div class=\"elementor-element elementor-element-588700e elementor-widget elementor-widget-text-editor\" data-id=\"588700e\" data-element_type=\"widget\" data-e-type=\"widget\" data-widget_type=\"text-editor.default\">\n\t\t\t\t<div class=\"elementor-widget-container\">\n\t\t\t\t\t\t\t\t\t<div><span style=\"font-family: arial, sans-serif;\">\u00a1Arrancan los talleres ambientales para escuelas! Desde Fundaci\u00f3n Espacios Verdes te ofrecemos, de la mano de especialistas en Educaci\u00f3n Ambiental, talleres, charlas y capacitaciones para que la educaci\u00f3n ambiental sea parte de tu proyecto pedag\u00f3gico. Huerta, compostaje, alimentaci\u00f3n saludable, biodiversidad, cuidado de los oc\u00e9anos, reciclaje, econom\u00eda circular, son los temas que te proponemos para que, de una forma l\u00fadica y activa sean parte del aula.<\/span><\/div><div><span style=\"font-family: arial, sans-serif;\">Escribinos y consultanos por disponibilidad y aranceles!!!<\/span><\/div>\t\t\t\t\t\t\t\t<\/div>\n\t\t\t\t<\/div>\n\t\t\t\t<div class=\"elementor-element elementor-element-28c62fe elementor-widget elementor-widget-spacer\" data-id=\"28c62fe\" data-element_type=\"widget\" data-e-type=\"widget\" data-widget_type=\"spacer.default\">\n\t\t\t\t<div class=\"elementor-widget-container\">\n\t\t\t\t\t\t\t<div class=\"elementor-spacer\">\n\t\t\t<div class=\"elementor-spacer-inner\"><\/div>\n\t\t<\/div>\n\t\t\t\t\t\t<\/div>\n\t\t\t\t<\/div>\n\t\t\t\t\t<\/div>\n\t\t<\/div>\n\t\t\t\t\t<\/div>\n\t\t<\/section>\n\t\t\t\t<section class=\"elementor-section elementor-top-section elementor-element elementor-element-708fba2 elementor-section-boxed elementor-section-height-default elementor-section-height-default\" data-id=\"708fba2\" data-element_type=\"section\" data-e-type=\"section\">\n\t\t\t\t\t\t<div class=\"elementor-container elementor-column-gap-default\">\n\t\t\t\t\t<div class=\"elementor-column elementor-col-66 elementor-top-column elementor-element elementor-element-21d7c4f\" data-id=\"21d7c4f\" data-element_type=\"column\" data-e-type=\"column\">\n\t\t\t<div class=\"elementor-widget-wrap elementor-element-populated\">\n\t\t\t\t\t\t<div class=\"elementor-element elementor-element-aaf1c1a elementor-widget elementor-widget-heading\" data-id=\"aaf1c1a\" data-element_type=\"widget\" data-e-type=\"widget\" data-widget_type=\"heading.default\">\n\t\t\t\t<div class=\"elementor-widget-container\">\n\t\t\t\t\t<span class=\"elementor-heading-title elementor-size-default\">Museo itinerante de Naturaleza<\/span>\t\t\t\t<\/div>\n\t\t\t\t<\/div>\n\t\t\t\t<div class=\"elementor-element elementor-element-d972b1a elementor-widget elementor-widget-text-editor\" data-id=\"d972b1a\" data-element_type=\"widget\" data-e-type=\"widget\" data-widget_type=\"text-editor.default\">\n\t\t\t\t<div class=\"elementor-widget-container\">\n\t\t\t\t\t\t\t\t\t<div>\u00a1Te llevamos un museo de ciencias naturales al aula! Se trata de un taller 100% pr\u00e1ctico para observar y aprender mucho sobre animales conservados, huesos y plantas. Vamos a realizar actividades y\/o dibujos de lo observado. Acompa\u00f1amos con material gr\u00e1fico y si cuentan con un espacio al aire libre podemos salir a observar aves e insectos.\u00a0<\/div><div>Para inicial, primaria y secundaria. Consultar para terciarios y capacitaci\u00f3n docente.\u00a0<\/div><div>Arancelado.<\/div>\t\t\t\t\t\t\t\t<\/div>\n\t\t\t\t<\/div>\n\t\t\t\t\t<\/div>\n\t\t<\/div>\n\t\t\t\t<div class=\"elementor-column elementor-col-33 elementor-top-column elementor-element elementor-element-42aa00c\" data-id=\"42aa00c\" data-element_type=\"column\" data-e-type=\"column\">\n\t\t\t<div class=\"elementor-widget-wrap elementor-element-populated\">\n\t\t\t\t\t\t<div class=\"elementor-element elementor-element-ea9def7 elementor-widget elementor-widget-image\" data-id=\"ea9def7\" data-element_type=\"widget\" data-e-type=\"widget\" data-widget_type=\"image.default\">\n\t\t\t\t<div class=\"elementor-widget-container\">\n\t\t\t\t\t\t\t\t\t\t\t\t\t\t\t<img fetchpriority=\"high\" decoding=\"async\" width=\"800\" height=\"1000\" src=\"https:\/\/fev.org.ar\/02\/wp-content\/uploads\/2025\/03\/Museo_itinerante-819x1024.jpg\" class=\"attachment-large size-large wp-image-1717\" alt=\"\" srcset=\"https:\/\/fev.org.ar\/02\/wp-content\/uploads\/2025\/03\/Museo_itinerante-819x1024.jpg 819w, https:\/\/fev.org.ar\/02\/wp-content\/uploads\/2025\/03\/Museo_itinerante-240x300.jpg 240w, https:\/\/fev.org.ar\/02\/wp-content\/uploads\/2025\/03\/Museo_itinerante-768x960.jpg 768w, https:\/\/fev.org.ar\/02\/wp-content\/uploads\/2025\/03\/Museo_itinerante.jpg 1080w\" sizes=\"(max-width: 800px) 100vw, 800px\" \/>\t\t\t\t\t\t\t\t\t\t\t\t\t\t\t<\/div>\n\t\t\t\t<\/div>\n\t\t\t\t\t<\/div>\n\t\t<\/div>\n\t\t\t\t\t<\/div>\n\t\t<\/section>\n\t\t\t\t<section class=\"elementor-section elementor-top-section elementor-element elementor-element-f572d7e elementor-section-boxed elementor-section-height-default elementor-section-height-default\" data-id=\"f572d7e\" data-element_type=\"section\" data-e-type=\"section\">\n\t\t\t\t\t\t<div class=\"elementor-container elementor-column-gap-default\">\n\t\t\t\t\t<div class=\"elementor-column elementor-col-100 elementor-top-column elementor-element elementor-element-439564c\" data-id=\"439564c\" data-element_type=\"column\" data-e-type=\"column\">\n\t\t\t<div class=\"elementor-widget-wrap elementor-element-populated\">\n\t\t\t\t\t\t<div class=\"elementor-element elementor-element-45af298 elementor-align-left elementor-widget elementor-widget-button\" data-id=\"45af298\" data-element_type=\"widget\" data-e-type=\"widget\" data-widget_type=\"button.default\">\n\t\t\t\t<div class=\"elementor-widget-container\">\n\t\t\t\t\t\t\t\t\t<div class=\"elementor-button-wrapper\">\n\t\t\t\t\t<a class=\"elementor-button elementor-button-link elementor-size-sm elementor-animation-grow\" href=\"https:\/\/docs.google.com\/forms\/d\/e\/1FAIpQLSfS3Jc9WexwEkUOaMOcfD_DbSasHnrEoIiOLQHKcfl0zCmDZw\/viewform\" target=\"_blank\">\n\t\t\t\t\t\t<span class=\"elementor-button-content-wrapper\">\n\t\t\t\t\t\t\t\t\t<span class=\"elementor-button-text\">Consultas<\/span>\n\t\t\t\t\t<\/span>\n\t\t\t\t\t<\/a>\n\t\t\t\t<\/div>\n\t\t\t\t\t\t\t\t<\/div>\n\t\t\t\t<\/div>\n\t\t\t\t<div class=\"elementor-element elementor-element-fb8e073 elementor-widget elementor-widget-spacer\" data-id=\"fb8e073\" data-element_type=\"widget\" data-e-type=\"widget\" data-widget_type=\"spacer.default\">\n\t\t\t\t<div class=\"elementor-widget-container\">\n\t\t\t\t\t\t\t<div class=\"elementor-spacer\">\n\t\t\t<div class=\"elementor-spacer-inner\"><\/div>\n\t\t<\/div>\n\t\t\t\t\t\t<\/div>\n\t\t\t\t<\/div>\n\t\t\t\t\t<\/div>\n\t\t<\/div>\n\t\t\t\t\t<\/div>\n\t\t<\/section>\n\t\t\t\t<section class=\"elementor-section elementor-top-section elementor-element elementor-element-58db40f elementor-section-boxed elementor-section-height-default elementor-section-height-default\" data-id=\"58db40f\" data-element_type=\"section\" data-e-type=\"section\">\n\t\t\t\t\t\t<div class=\"elementor-container elementor-column-gap-default\">\n\t\t\t\t\t<div class=\"elementor-column elementor-col-66 elementor-top-column elementor-element elementor-element-7087ca3\" data-id=\"7087ca3\" data-element_type=\"column\" data-e-type=\"column\">\n\t\t\t<div class=\"elementor-widget-wrap elementor-element-populated\">\n\t\t\t\t\t\t<div class=\"elementor-element elementor-element-c0c153d elementor-widget elementor-widget-heading\" data-id=\"c0c153d\" data-element_type=\"widget\" data-e-type=\"widget\" data-widget_type=\"heading.default\">\n\t\t\t\t<div class=\"elementor-widget-container\">\n\t\t\t\t\t<span class=\"elementor-heading-title elementor-size-default\">Econom\u00eda circular, Reciclaje y Cuidado de los Oc\u00e9anos<\/span>\t\t\t\t<\/div>\n\t\t\t\t<\/div>\n\t\t\t\t<div class=\"elementor-element elementor-element-54bdc3c elementor-widget elementor-widget-text-editor\" data-id=\"54bdc3c\" data-element_type=\"widget\" data-e-type=\"widget\" data-widget_type=\"text-editor.default\">\n\t\t\t\t<div class=\"elementor-widget-container\">\n\t\t\t\t\t\t\t\t\t<div>\u00a1Te invitamos a conocer qu\u00e9 pasa con los residuos reciclables despu\u00e9s de que los disponemos en el tacho verde!<br \/>A trav\u00e9s de un recorrido por el circuito de reciclaje y de las f\u00e1bricas aprendemos sobre los modelos de econom\u00eda lineal y econom\u00eda circular con \u00e9nfasis en los pl\u00e1sticos.<br \/>Tambi\u00e9n vamos a saber c\u00f3mo aportar a estos ciclos desde la pr\u00e1ctica de separaci\u00f3n de residuos y de consumidores responsables.<\/div><div>Adaptado a los distintos niveles escolares: inicial, primario y secundario.\u00a0<\/div><div>Arancelado<\/div>\t\t\t\t\t\t\t\t<\/div>\n\t\t\t\t<\/div>\n\t\t\t\t\t<\/div>\n\t\t<\/div>\n\t\t\t\t<div class=\"elementor-column elementor-col-33 elementor-top-column elementor-element elementor-element-06e7143\" data-id=\"06e7143\" data-element_type=\"column\" data-e-type=\"column\">\n\t\t\t<div class=\"elementor-widget-wrap elementor-element-populated\">\n\t\t\t\t\t\t<div class=\"elementor-element elementor-element-100c5eb elementor-widget elementor-widget-image\" data-id=\"100c5eb\" data-element_type=\"widget\" data-e-type=\"widget\" data-widget_type=\"image.default\">\n\t\t\t\t<div class=\"elementor-widget-container\">\n\t\t\t\t\t\t\t\t\t\t\t\t\t\t\t<img decoding=\"async\" width=\"800\" height=\"1000\" src=\"https:\/\/fev.org.ar\/02\/wp-content\/uploads\/2025\/03\/Economia_circular_reciclaje-819x1024.jpg\" class=\"attachment-large size-large wp-image-1712\" alt=\"\" srcset=\"https:\/\/fev.org.ar\/02\/wp-content\/uploads\/2025\/03\/Economia_circular_reciclaje-819x1024.jpg 819w, https:\/\/fev.org.ar\/02\/wp-content\/uploads\/2025\/03\/Economia_circular_reciclaje-240x300.jpg 240w, https:\/\/fev.org.ar\/02\/wp-content\/uploads\/2025\/03\/Economia_circular_reciclaje-768x960.jpg 768w, https:\/\/fev.org.ar\/02\/wp-content\/uploads\/2025\/03\/Economia_circular_reciclaje.jpg 1080w\" sizes=\"(max-width: 800px) 100vw, 800px\" \/>\t\t\t\t\t\t\t\t\t\t\t\t\t\t\t<\/div>\n\t\t\t\t<\/div>\n\t\t\t\t\t<\/div>\n\t\t<\/div>\n\t\t\t\t\t<\/div>\n\t\t<\/section>\n\t\t\t\t<section class=\"elementor-section elementor-top-section elementor-element elementor-element-afe2733 elementor-section-boxed elementor-section-height-default elementor-section-height-default\" data-id=\"afe2733\" data-element_type=\"section\" data-e-type=\"section\">\n\t\t\t\t\t\t<div class=\"elementor-container elementor-column-gap-default\">\n\t\t\t\t\t<div class=\"elementor-column elementor-col-100 elementor-top-column elementor-element elementor-element-f2b3f1a\" data-id=\"f2b3f1a\" data-element_type=\"column\" data-e-type=\"column\">\n\t\t\t<div class=\"elementor-widget-wrap elementor-element-populated\">\n\t\t\t\t\t\t<div class=\"elementor-element elementor-element-71818e5 elementor-align-left elementor-widget elementor-widget-button\" data-id=\"71818e5\" data-element_type=\"widget\" data-e-type=\"widget\" data-widget_type=\"button.default\">\n\t\t\t\t<div class=\"elementor-widget-container\">\n\t\t\t\t\t\t\t\t\t<div class=\"elementor-button-wrapper\">\n\t\t\t\t\t<a class=\"elementor-button elementor-button-link elementor-size-sm elementor-animation-grow\" href=\"https:\/\/docs.google.com\/forms\/d\/e\/1FAIpQLSfS3Jc9WexwEkUOaMOcfD_DbSasHnrEoIiOLQHKcfl0zCmDZw\/viewform\" target=\"_blank\">\n\t\t\t\t\t\t<span class=\"elementor-button-content-wrapper\">\n\t\t\t\t\t\t\t\t\t<span class=\"elementor-button-text\">Consultas<\/span>\n\t\t\t\t\t<\/span>\n\t\t\t\t\t<\/a>\n\t\t\t\t<\/div>\n\t\t\t\t\t\t\t\t<\/div>\n\t\t\t\t<\/div>\n\t\t\t\t<div class=\"elementor-element elementor-element-de291a6 elementor-widget elementor-widget-spacer\" data-id=\"de291a6\" data-element_type=\"widget\" data-e-type=\"widget\" data-widget_type=\"spacer.default\">\n\t\t\t\t<div class=\"elementor-widget-container\">\n\t\t\t\t\t\t\t<div class=\"elementor-spacer\">\n\t\t\t<div class=\"elementor-spacer-inner\"><\/div>\n\t\t<\/div>\n\t\t\t\t\t\t<\/div>\n\t\t\t\t<\/div>\n\t\t\t\t\t<\/div>\n\t\t<\/div>\n\t\t\t\t\t<\/div>\n\t\t<\/section>\n\t\t\t\t<section class=\"elementor-section elementor-top-section elementor-element elementor-element-ec844fc elementor-section-boxed elementor-section-height-default elementor-section-height-default\" data-id=\"ec844fc\" data-element_type=\"section\" data-e-type=\"section\">\n\t\t\t\t\t\t<div class=\"elementor-container elementor-column-gap-default\">\n\t\t\t\t\t<div class=\"elementor-column elementor-col-66 elementor-top-column elementor-element elementor-element-40a45d5\" data-id=\"40a45d5\" data-element_type=\"column\" data-e-type=\"column\">\n\t\t\t<div class=\"elementor-widget-wrap elementor-element-populated\">\n\t\t\t\t\t\t<div class=\"elementor-element elementor-element-4e7fcdc elementor-widget elementor-widget-heading\" data-id=\"4e7fcdc\" data-element_type=\"widget\" data-e-type=\"widget\" data-widget_type=\"heading.default\">\n\t\t\t\t<div class=\"elementor-widget-container\">\n\t\t\t\t\t<span class=\"elementor-heading-title elementor-size-default\">Mariposas de Buenos Aires<\/span>\t\t\t\t<\/div>\n\t\t\t\t<\/div>\n\t\t\t\t<div class=\"elementor-element elementor-element-503340b elementor-widget elementor-widget-text-editor\" data-id=\"503340b\" data-element_type=\"widget\" data-e-type=\"widget\" data-widget_type=\"text-editor.default\">\n\t\t\t\t<div class=\"elementor-widget-container\">\n\t\t\t\t\t\t\t\t\t<div>En este taller exploraremos el fascinante mundo de las mariposas, su ciclo de vida, sus caracter\u00edsticas en cada etapa, sus relaciones estrechas con las plantas y la importancia de su conservaci\u00f3n.\u00a0<\/div><div>Vamos a conocer las principales especies de nuestra regi\u00f3n.<br \/>Basado en juegos did\u00e1cticos, observaciones directas y con lupas, l\u00e1minas y videos de mariposas en distintas etapas de su ciclo de vida.\u00a0<br \/>Para alumnos\/as de inicial, primario y educaci\u00f3n especial.\u00a0<b><\/b><\/div><div>Arancelado<\/div>\t\t\t\t\t\t\t\t<\/div>\n\t\t\t\t<\/div>\n\t\t\t\t\t<\/div>\n\t\t<\/div>\n\t\t\t\t<div class=\"elementor-column elementor-col-33 elementor-top-column elementor-element elementor-element-c668db8\" data-id=\"c668db8\" data-element_type=\"column\" data-e-type=\"column\">\n\t\t\t<div class=\"elementor-widget-wrap elementor-element-populated\">\n\t\t\t\t\t\t<div class=\"elementor-element elementor-element-fe7048d elementor-widget elementor-widget-image\" data-id=\"fe7048d\" data-element_type=\"widget\" data-e-type=\"widget\" data-widget_type=\"image.default\">\n\t\t\t\t<div class=\"elementor-widget-container\">\n\t\t\t\t\t\t\t\t\t\t\t\t\t\t\t<img decoding=\"async\" width=\"800\" height=\"1000\" src=\"https:\/\/fev.org.ar\/02\/wp-content\/uploads\/2025\/03\/Mariposas-819x1024.jpg\" class=\"attachment-large size-large wp-image-1715\" alt=\"\" srcset=\"https:\/\/fev.org.ar\/02\/wp-content\/uploads\/2025\/03\/Mariposas-819x1024.jpg 819w, https:\/\/fev.org.ar\/02\/wp-content\/uploads\/2025\/03\/Mariposas-240x300.jpg 240w, https:\/\/fev.org.ar\/02\/wp-content\/uploads\/2025\/03\/Mariposas-768x960.jpg 768w, https:\/\/fev.org.ar\/02\/wp-content\/uploads\/2025\/03\/Mariposas.jpg 1080w\" sizes=\"(max-width: 800px) 100vw, 800px\" \/>\t\t\t\t\t\t\t\t\t\t\t\t\t\t\t<\/div>\n\t\t\t\t<\/div>\n\t\t\t\t\t<\/div>\n\t\t<\/div>\n\t\t\t\t\t<\/div>\n\t\t<\/section>\n\t\t\t\t<section class=\"elementor-section elementor-top-section elementor-element elementor-element-23a679b elementor-section-boxed elementor-section-height-default elementor-section-height-default\" data-id=\"23a679b\" data-element_type=\"section\" data-e-type=\"section\">\n\t\t\t\t\t\t<div class=\"elementor-container elementor-column-gap-default\">\n\t\t\t\t\t<div class=\"elementor-column elementor-col-100 elementor-top-column elementor-element elementor-element-15a0b37\" data-id=\"15a0b37\" data-element_type=\"column\" data-e-type=\"column\">\n\t\t\t<div class=\"elementor-widget-wrap elementor-element-populated\">\n\t\t\t\t\t\t<div class=\"elementor-element elementor-element-fbf3499 elementor-align-left elementor-widget elementor-widget-button\" data-id=\"fbf3499\" data-element_type=\"widget\" data-e-type=\"widget\" data-widget_type=\"button.default\">\n\t\t\t\t<div class=\"elementor-widget-container\">\n\t\t\t\t\t\t\t\t\t<div class=\"elementor-button-wrapper\">\n\t\t\t\t\t<a class=\"elementor-button elementor-button-link elementor-size-sm elementor-animation-grow\" href=\"https:\/\/docs.google.com\/forms\/d\/e\/1FAIpQLSfS3Jc9WexwEkUOaMOcfD_DbSasHnrEoIiOLQHKcfl0zCmDZw\/viewform\" target=\"_blank\">\n\t\t\t\t\t\t<span class=\"elementor-button-content-wrapper\">\n\t\t\t\t\t\t\t\t\t<span class=\"elementor-button-text\">Consultas<\/span>\n\t\t\t\t\t<\/span>\n\t\t\t\t\t<\/a>\n\t\t\t\t<\/div>\n\t\t\t\t\t\t\t\t<\/div>\n\t\t\t\t<\/div>\n\t\t\t\t<div class=\"elementor-element elementor-element-59eb799 elementor-widget elementor-widget-spacer\" data-id=\"59eb799\" data-element_type=\"widget\" data-e-type=\"widget\" data-widget_type=\"spacer.default\">\n\t\t\t\t<div class=\"elementor-widget-container\">\n\t\t\t\t\t\t\t<div class=\"elementor-spacer\">\n\t\t\t<div class=\"elementor-spacer-inner\"><\/div>\n\t\t<\/div>\n\t\t\t\t\t\t<\/div>\n\t\t\t\t<\/div>\n\t\t\t\t\t<\/div>\n\t\t<\/div>\n\t\t\t\t\t<\/div>\n\t\t<\/section>\n\t\t\t\t<section class=\"elementor-section elementor-top-section elementor-element elementor-element-dcfa54f elementor-section-boxed elementor-section-height-default elementor-section-height-default\" data-id=\"dcfa54f\" data-element_type=\"section\" data-e-type=\"section\">\n\t\t\t\t\t\t<div class=\"elementor-container elementor-column-gap-default\">\n\t\t\t\t\t<div class=\"elementor-column elementor-col-66 elementor-top-column elementor-element elementor-element-7a111ff\" data-id=\"7a111ff\" data-element_type=\"column\" data-e-type=\"column\">\n\t\t\t<div class=\"elementor-widget-wrap elementor-element-populated\">\n\t\t\t\t\t\t<div class=\"elementor-element elementor-element-36bbe52 elementor-widget elementor-widget-heading\" data-id=\"36bbe52\" data-element_type=\"widget\" data-e-type=\"widget\" data-widget_type=\"heading.default\">\n\t\t\t\t<div class=\"elementor-widget-container\">\n\t\t\t\t\t<span class=\"elementor-heading-title elementor-size-default\">\u00c1rboles nativos a nuestro alrededor<\/span>\t\t\t\t<\/div>\n\t\t\t\t<\/div>\n\t\t\t\t<div class=\"elementor-element elementor-element-8a472b8 elementor-widget elementor-widget-text-editor\" data-id=\"8a472b8\" data-element_type=\"widget\" data-e-type=\"widget\" data-widget_type=\"text-editor.default\">\n\t\t\t\t<div class=\"elementor-widget-container\">\n\t\t\t\t\t\t\t\t\t<div>Un taller para conocer y propagar a nuestros \u00e1rboles nativos. \u00bfCuales son los \u00e1rboles de la vereda, de la escuela y de mi barrio? \u00bfSiempre existieron estos \u00e1rboles por aqu\u00ed? \u00bfSon nativos, ex\u00f3ticos o invasores?<br \/>Descubriremos la importancia de los bosques y \u00e1rboles nativos, especies principales y su fauna asociada.<br \/>A partir de juegos sensoriales, material de herbario y l\u00e1minas reconoceremos cortezas, frutos y semillas con sus principales caracter\u00edsticas.<br \/>Propagaremos semillas de \u00e1rboles nativos y concluiremos el taller con la narraci\u00f3n de una leyenda o mito de pueblos originarios sobre alguno de los \u00e1rboles nativos.\u00a0<\/div><div>Para alumnos\/as de inicial, primario y educaci\u00f3n especial.<b><\/b><\/div><div><div>Arancelado<\/div><\/div>\t\t\t\t\t\t\t\t<\/div>\n\t\t\t\t<\/div>\n\t\t\t\t\t<\/div>\n\t\t<\/div>\n\t\t\t\t<div class=\"elementor-column elementor-col-33 elementor-top-column elementor-element elementor-element-e651500\" data-id=\"e651500\" data-element_type=\"column\" data-e-type=\"column\">\n\t\t\t<div class=\"elementor-widget-wrap elementor-element-populated\">\n\t\t\t\t\t\t<div class=\"elementor-element elementor-element-cd25aa8 elementor-widget elementor-widget-image\" data-id=\"cd25aa8\" data-element_type=\"widget\" data-e-type=\"widget\" data-widget_type=\"image.default\">\n\t\t\t\t<div class=\"elementor-widget-container\">\n\t\t\t\t\t\t\t\t\t\t\t\t\t\t\t<img loading=\"lazy\" decoding=\"async\" width=\"800\" height=\"1000\" src=\"https:\/\/fev.org.ar\/02\/wp-content\/uploads\/2025\/03\/Arboles_nativos-819x1024.jpg\" class=\"attachment-large size-large wp-image-1709\" alt=\"\" srcset=\"https:\/\/fev.org.ar\/02\/wp-content\/uploads\/2025\/03\/Arboles_nativos-819x1024.jpg 819w, https:\/\/fev.org.ar\/02\/wp-content\/uploads\/2025\/03\/Arboles_nativos-240x300.jpg 240w, https:\/\/fev.org.ar\/02\/wp-content\/uploads\/2025\/03\/Arboles_nativos-768x960.jpg 768w, https:\/\/fev.org.ar\/02\/wp-content\/uploads\/2025\/03\/Arboles_nativos.jpg 1080w\" sizes=\"(max-width: 800px) 100vw, 800px\" \/>\t\t\t\t\t\t\t\t\t\t\t\t\t\t\t<\/div>\n\t\t\t\t<\/div>\n\t\t\t\t\t<\/div>\n\t\t<\/div>\n\t\t\t\t\t<\/div>\n\t\t<\/section>\n\t\t\t\t<section class=\"elementor-section elementor-top-section elementor-element elementor-element-c856155 elementor-section-boxed elementor-section-height-default elementor-section-height-default\" data-id=\"c856155\" data-element_type=\"section\" data-e-type=\"section\">\n\t\t\t\t\t\t<div class=\"elementor-container elementor-column-gap-default\">\n\t\t\t\t\t<div class=\"elementor-column elementor-col-100 elementor-top-column elementor-element elementor-element-efd13df\" data-id=\"efd13df\" data-element_type=\"column\" data-e-type=\"column\">\n\t\t\t<div class=\"elementor-widget-wrap elementor-element-populated\">\n\t\t\t\t\t\t<div class=\"elementor-element elementor-element-1206b86 elementor-align-left elementor-widget elementor-widget-button\" data-id=\"1206b86\" data-element_type=\"widget\" data-e-type=\"widget\" data-widget_type=\"button.default\">\n\t\t\t\t<div class=\"elementor-widget-container\">\n\t\t\t\t\t\t\t\t\t<div class=\"elementor-button-wrapper\">\n\t\t\t\t\t<a class=\"elementor-button elementor-button-link elementor-size-sm elementor-animation-grow\" href=\"https:\/\/docs.google.com\/forms\/d\/e\/1FAIpQLSfS3Jc9WexwEkUOaMOcfD_DbSasHnrEoIiOLQHKcfl0zCmDZw\/viewform\" target=\"_blank\">\n\t\t\t\t\t\t<span class=\"elementor-button-content-wrapper\">\n\t\t\t\t\t\t\t\t\t<span class=\"elementor-button-text\">Consultas<\/span>\n\t\t\t\t\t<\/span>\n\t\t\t\t\t<\/a>\n\t\t\t\t<\/div>\n\t\t\t\t\t\t\t\t<\/div>\n\t\t\t\t<\/div>\n\t\t\t\t<div class=\"elementor-element elementor-element-0ee7b12 elementor-widget elementor-widget-spacer\" data-id=\"0ee7b12\" data-element_type=\"widget\" data-e-type=\"widget\" data-widget_type=\"spacer.default\">\n\t\t\t\t<div class=\"elementor-widget-container\">\n\t\t\t\t\t\t\t<div class=\"elementor-spacer\">\n\t\t\t<div class=\"elementor-spacer-inner\"><\/div>\n\t\t<\/div>\n\t\t\t\t\t\t<\/div>\n\t\t\t\t<\/div>\n\t\t\t\t\t<\/div>\n\t\t<\/div>\n\t\t\t\t\t<\/div>\n\t\t<\/section>\n\t\t\t\t<section class=\"elementor-section elementor-top-section elementor-element elementor-element-82a7864 elementor-section-boxed elementor-section-height-default elementor-section-height-default\" data-id=\"82a7864\" data-element_type=\"section\" data-e-type=\"section\">\n\t\t\t\t\t\t<div class=\"elementor-container elementor-column-gap-default\">\n\t\t\t\t\t<div class=\"elementor-column elementor-col-66 elementor-top-column elementor-element elementor-element-f437783\" data-id=\"f437783\" data-element_type=\"column\" data-e-type=\"column\">\n\t\t\t<div class=\"elementor-widget-wrap elementor-element-populated\">\n\t\t\t\t\t\t<div class=\"elementor-element elementor-element-39d41e9 elementor-widget elementor-widget-heading\" data-id=\"39d41e9\" data-element_type=\"widget\" data-e-type=\"widget\" data-widget_type=\"heading.default\">\n\t\t\t\t<div class=\"elementor-widget-container\">\n\t\t\t\t\t<span class=\"elementor-heading-title elementor-size-default\">Huerta y Compostaje escolar<\/span>\t\t\t\t<\/div>\n\t\t\t\t<\/div>\n\t\t\t\t<div class=\"elementor-element elementor-element-8ebb288 elementor-widget elementor-widget-text-editor\" data-id=\"8ebb288\" data-element_type=\"widget\" data-e-type=\"widget\" data-widget_type=\"text-editor.default\">\n\t\t\t\t<div class=\"elementor-widget-container\">\n\t\t\t\t\t\t\t\t\t<div>\u00bfQuer\u00e9s aprender m\u00e1s de huerta y compostaje en tu escuela?<br \/>En este taller te ense\u00f1amos todo lo necesario para empezar y cuidar la huerta y realizar compost escolar. Tambi\u00e9n vamos a aprender a sembrar nuestros propios cultivos.<br \/>Para alumnos\/as del segundo ciclo de primario y secundario. Este taller tambi\u00e9n se adapta a formaci\u00f3n docente.\u00a0<b><\/b><\/div><div><div>Arancelado<\/div><\/div>\t\t\t\t\t\t\t\t<\/div>\n\t\t\t\t<\/div>\n\t\t\t\t\t<\/div>\n\t\t<\/div>\n\t\t\t\t<div class=\"elementor-column elementor-col-33 elementor-top-column elementor-element elementor-element-59b7c61\" data-id=\"59b7c61\" data-element_type=\"column\" data-e-type=\"column\">\n\t\t\t<div class=\"elementor-widget-wrap elementor-element-populated\">\n\t\t\t\t\t\t<div class=\"elementor-element elementor-element-cdcd729 elementor-widget elementor-widget-image\" data-id=\"cdcd729\" data-element_type=\"widget\" data-e-type=\"widget\" data-widget_type=\"image.default\">\n\t\t\t\t<div class=\"elementor-widget-container\">\n\t\t\t\t\t\t\t\t\t\t\t\t\t\t\t<img loading=\"lazy\" decoding=\"async\" width=\"800\" height=\"1000\" src=\"https:\/\/fev.org.ar\/02\/wp-content\/uploads\/2025\/03\/Huerta_compostaje-819x1024.jpg\" class=\"attachment-large size-large wp-image-1713\" alt=\"\" srcset=\"https:\/\/fev.org.ar\/02\/wp-content\/uploads\/2025\/03\/Huerta_compostaje-819x1024.jpg 819w, https:\/\/fev.org.ar\/02\/wp-content\/uploads\/2025\/03\/Huerta_compostaje-240x300.jpg 240w, https:\/\/fev.org.ar\/02\/wp-content\/uploads\/2025\/03\/Huerta_compostaje-768x960.jpg 768w, https:\/\/fev.org.ar\/02\/wp-content\/uploads\/2025\/03\/Huerta_compostaje.jpg 1080w\" sizes=\"(max-width: 800px) 100vw, 800px\" \/>\t\t\t\t\t\t\t\t\t\t\t\t\t\t\t<\/div>\n\t\t\t\t<\/div>\n\t\t\t\t\t<\/div>\n\t\t<\/div>\n\t\t\t\t\t<\/div>\n\t\t<\/section>\n\t\t\t\t<section class=\"elementor-section elementor-top-section elementor-element elementor-element-1ac0011 elementor-section-boxed elementor-section-height-default elementor-section-height-default\" data-id=\"1ac0011\" data-element_type=\"section\" data-e-type=\"section\">\n\t\t\t\t\t\t<div class=\"elementor-container elementor-column-gap-default\">\n\t\t\t\t\t<div class=\"elementor-column elementor-col-100 elementor-top-column elementor-element elementor-element-600b2df\" data-id=\"600b2df\" data-element_type=\"column\" data-e-type=\"column\">\n\t\t\t<div class=\"elementor-widget-wrap elementor-element-populated\">\n\t\t\t\t\t\t<div class=\"elementor-element elementor-element-3e3ed88 elementor-align-left elementor-widget elementor-widget-button\" data-id=\"3e3ed88\" data-element_type=\"widget\" data-e-type=\"widget\" data-widget_type=\"button.default\">\n\t\t\t\t<div class=\"elementor-widget-container\">\n\t\t\t\t\t\t\t\t\t<div class=\"elementor-button-wrapper\">\n\t\t\t\t\t<a class=\"elementor-button elementor-button-link elementor-size-sm elementor-animation-grow\" href=\"https:\/\/docs.google.com\/forms\/d\/e\/1FAIpQLSfS3Jc9WexwEkUOaMOcfD_DbSasHnrEoIiOLQHKcfl0zCmDZw\/viewform\" target=\"_blank\">\n\t\t\t\t\t\t<span class=\"elementor-button-content-wrapper\">\n\t\t\t\t\t\t\t\t\t<span class=\"elementor-button-text\">Consultas<\/span>\n\t\t\t\t\t<\/span>\n\t\t\t\t\t<\/a>\n\t\t\t\t<\/div>\n\t\t\t\t\t\t\t\t<\/div>\n\t\t\t\t<\/div>\n\t\t\t\t<div class=\"elementor-element elementor-element-2aa7c15 elementor-widget elementor-widget-spacer\" data-id=\"2aa7c15\" data-element_type=\"widget\" data-e-type=\"widget\" data-widget_type=\"spacer.default\">\n\t\t\t\t<div class=\"elementor-widget-container\">\n\t\t\t\t\t\t\t<div class=\"elementor-spacer\">\n\t\t\t<div class=\"elementor-spacer-inner\"><\/div>\n\t\t<\/div>\n\t\t\t\t\t\t<\/div>\n\t\t\t\t<\/div>\n\t\t\t\t\t<\/div>\n\t\t<\/div>\n\t\t\t\t\t<\/div>\n\t\t<\/section>\n\t\t\t\t<section class=\"elementor-section elementor-top-section elementor-element elementor-element-b602d88 elementor-section-boxed elementor-section-height-default elementor-section-height-default\" data-id=\"b602d88\" data-element_type=\"section\" data-e-type=\"section\">\n\t\t\t\t\t\t<div class=\"elementor-container elementor-column-gap-default\">\n\t\t\t\t\t<div class=\"elementor-column elementor-col-66 elementor-top-column elementor-element elementor-element-77555df\" data-id=\"77555df\" data-element_type=\"column\" data-e-type=\"column\">\n\t\t\t<div class=\"elementor-widget-wrap elementor-element-populated\">\n\t\t\t\t\t\t<div class=\"elementor-element elementor-element-cbb3ac1 elementor-widget elementor-widget-heading\" data-id=\"cbb3ac1\" data-element_type=\"widget\" data-e-type=\"widget\" data-widget_type=\"heading.default\">\n\t\t\t\t<div class=\"elementor-widget-container\">\n\t\t\t\t\t<span class=\"elementor-heading-title elementor-size-default\">Mar Argentino (Charla-Taller)<\/span>\t\t\t\t<\/div>\n\t\t\t\t<\/div>\n\t\t\t\t<div class=\"elementor-element elementor-element-1ebb7b4 elementor-widget elementor-widget-text-editor\" data-id=\"1ebb7b4\" data-element_type=\"widget\" data-e-type=\"widget\" data-widget_type=\"text-editor.default\">\n\t\t\t\t<div class=\"elementor-widget-container\">\n\t\t\t\t\t\t\t\t\t<div>\u00bfQueres conocer las profundidades del Mar Argentino? \u00a1Y las costas tambi\u00e9n! Por medio de una proyecci\u00f3n vamos a compartir informaci\u00f3n sobre sus caracter\u00edsticas, las plantas y animales que podemos encontrar y los problemas actuales con puesta en com\u00fan de las posibles soluciones.<br \/>Adaptado a los distintos niveles escolares: inicial, primario y secundario.<br \/>Consultar para nivel terciario y capacitaci\u00f3n docente.<b><\/b><\/div><div><div>Arancelado<\/div><\/div>\t\t\t\t\t\t\t\t<\/div>\n\t\t\t\t<\/div>\n\t\t\t\t\t<\/div>\n\t\t<\/div>\n\t\t\t\t<div class=\"elementor-column elementor-col-33 elementor-top-column elementor-element elementor-element-a6afd5f\" data-id=\"a6afd5f\" data-element_type=\"column\" data-e-type=\"column\">\n\t\t\t<div class=\"elementor-widget-wrap elementor-element-populated\">\n\t\t\t\t\t\t<div class=\"elementor-element elementor-element-41f8bd4 elementor-widget elementor-widget-image\" data-id=\"41f8bd4\" data-element_type=\"widget\" data-e-type=\"widget\" data-widget_type=\"image.default\">\n\t\t\t\t<div class=\"elementor-widget-container\">\n\t\t\t\t\t\t\t\t\t\t\t\t\t\t\t<img loading=\"lazy\" decoding=\"async\" width=\"800\" height=\"1000\" src=\"https:\/\/fev.org.ar\/02\/wp-content\/uploads\/2025\/03\/Mar_argentino-819x1024.jpg\" class=\"attachment-large size-large wp-image-1714\" alt=\"\" srcset=\"https:\/\/fev.org.ar\/02\/wp-content\/uploads\/2025\/03\/Mar_argentino-819x1024.jpg 819w, https:\/\/fev.org.ar\/02\/wp-content\/uploads\/2025\/03\/Mar_argentino-240x300.jpg 240w, https:\/\/fev.org.ar\/02\/wp-content\/uploads\/2025\/03\/Mar_argentino-768x960.jpg 768w, https:\/\/fev.org.ar\/02\/wp-content\/uploads\/2025\/03\/Mar_argentino.jpg 1080w\" sizes=\"(max-width: 800px) 100vw, 800px\" \/>\t\t\t\t\t\t\t\t\t\t\t\t\t\t\t<\/div>\n\t\t\t\t<\/div>\n\t\t\t\t\t<\/div>\n\t\t<\/div>\n\t\t\t\t\t<\/div>\n\t\t<\/section>\n\t\t\t\t<section class=\"elementor-section elementor-top-section elementor-element elementor-element-4b39895 elementor-section-boxed elementor-section-height-default elementor-section-height-default\" data-id=\"4b39895\" data-element_type=\"section\" data-e-type=\"section\">\n\t\t\t\t\t\t<div class=\"elementor-container elementor-column-gap-default\">\n\t\t\t\t\t<div class=\"elementor-column elementor-col-100 elementor-top-column elementor-element elementor-element-b0f737d\" data-id=\"b0f737d\" data-element_type=\"column\" data-e-type=\"column\">\n\t\t\t<div class=\"elementor-widget-wrap elementor-element-populated\">\n\t\t\t\t\t\t<div class=\"elementor-element elementor-element-a23364a elementor-align-left elementor-widget elementor-widget-button\" data-id=\"a23364a\" data-element_type=\"widget\" data-e-type=\"widget\" data-widget_type=\"button.default\">\n\t\t\t\t<div class=\"elementor-widget-container\">\n\t\t\t\t\t\t\t\t\t<div class=\"elementor-button-wrapper\">\n\t\t\t\t\t<a class=\"elementor-button elementor-button-link elementor-size-sm elementor-animation-grow\" href=\"https:\/\/docs.google.com\/forms\/d\/e\/1FAIpQLSfS3Jc9WexwEkUOaMOcfD_DbSasHnrEoIiOLQHKcfl0zCmDZw\/viewform\" target=\"_blank\">\n\t\t\t\t\t\t<span class=\"elementor-button-content-wrapper\">\n\t\t\t\t\t\t\t\t\t<span class=\"elementor-button-text\">Consultas<\/span>\n\t\t\t\t\t<\/span>\n\t\t\t\t\t<\/a>\n\t\t\t\t<\/div>\n\t\t\t\t\t\t\t\t<\/div>\n\t\t\t\t<\/div>\n\t\t\t\t<div class=\"elementor-element elementor-element-4e19ee9 elementor-widget elementor-widget-spacer\" data-id=\"4e19ee9\" data-element_type=\"widget\" data-e-type=\"widget\" data-widget_type=\"spacer.default\">\n\t\t\t\t<div class=\"elementor-widget-container\">\n\t\t\t\t\t\t\t<div class=\"elementor-spacer\">\n\t\t\t<div class=\"elementor-spacer-inner\"><\/div>\n\t\t<\/div>\n\t\t\t\t\t\t<\/div>\n\t\t\t\t<\/div>\n\t\t\t\t\t<\/div>\n\t\t<\/div>\n\t\t\t\t\t<\/div>\n\t\t<\/section>\n\t\t\t\t<section class=\"elementor-section elementor-top-section elementor-element elementor-element-2f27f82 elementor-section-boxed elementor-section-height-default elementor-section-height-default\" data-id=\"2f27f82\" data-element_type=\"section\" data-e-type=\"section\">\n\t\t\t\t\t\t<div class=\"elementor-container elementor-column-gap-default\">\n\t\t\t\t\t<div class=\"elementor-column elementor-col-100 elementor-top-column elementor-element elementor-element-aa3137f\" data-id=\"aa3137f\" data-element_type=\"column\" data-e-type=\"column\">\n\t\t\t<div class=\"elementor-widget-wrap elementor-element-populated\">\n\t\t\t\t\t\t<div class=\"elementor-element elementor-element-9abd79d elementor-widget elementor-widget-spacer\" data-id=\"9abd79d\" data-element_type=\"widget\" data-e-type=\"widget\" data-widget_type=\"spacer.default\">\n\t\t\t\t<div class=\"elementor-widget-container\">\n\t\t\t\t\t\t\t<div class=\"elementor-spacer\">\n\t\t\t<div class=\"elementor-spacer-inner\"><\/div>\n\t\t<\/div>\n\t\t\t\t\t\t<\/div>\n\t\t\t\t<\/div>\n\t\t\t\t\t<\/div>\n\t\t<\/div>\n\t\t\t\t\t<\/div>\n\t\t<\/section>\n\t\t\t\t<\/div>\n\t\t","protected":false},"excerpt":{"rendered":"<p>Talleres para escuelas \u00a1Arrancan los talleres ambientales para escuelas! Desde Fundaci\u00f3n Espacios Verdes te ofrecemos, de la mano de especialistas en Educaci\u00f3n Ambiental, talleres, charlas y capacitaciones para que la [&hellip;]<\/p>\n","protected":false},"author":1,"featured_media":0,"parent":0,"menu_order":0,"comment_status":"closed","ping_status":"closed","template":"","meta":{"om_disable_all_campaigns":false,"_monsterinsights_skip_tracking":false,"_monsterinsights_sitenote_active":false,"_monsterinsights_sitenote_note":"","_monsterinsights_sitenote_category":0,"footnotes":""},"class_list":["post-1639","page","type-page","status-publish","hentry"],"aioseo_notices":[],"_links":{"self":[{"href":"https:\/\/fev.org.ar\/02\/wp-json\/wp\/v2\/pages\/1639","targetHints":{"allow":["GET"]}}],"collection":[{"href":"https:\/\/fev.org.ar\/02\/wp-json\/wp\/v2\/pages"}],"about":[{"href":"https:\/\/fev.org.ar\/02\/wp-json\/wp\/v2\/types\/page"}],"author":[{"embeddable":true,"href":"https:\/\/fev.org.ar\/02\/wp-json\/wp\/v2\/users\/1"}],"replies":[{"embeddable":true,"href":"https:\/\/fev.org.ar\/02\/wp-json\/wp\/v2\/comments?post=1639"}],"version-history":[{"count":22,"href":"https:\/\/fev.org.ar\/02\/wp-json\/wp\/v2\/pages\/1639\/revisions"}],"predecessor-version":[{"id":1732,"href":"https:\/\/fev.org.ar\/02\/wp-json\/wp\/v2\/pages\/1639\/revisions\/1732"}],"wp:attachment":[{"href":"https:\/\/fev.org.ar\/02\/wp-json\/wp\/v2\/media?parent=1639"}],"curies":[{"name":"wp","href":"https:\/\/api.w.org\/{rel}","templated":true}]}}